{"id":41,"date":"2023-12-09T15:11:32","date_gmt":"2023-12-09T15:11:32","guid":{"rendered":"https:\/\/kaalund.net\/wordpress\/?page_id=41"},"modified":"2024-09-18T20:50:54","modified_gmt":"2024-09-18T20:50:54","slug":"beteiligte","status":"publish","type":"page","link":"https:\/\/kaalund.net\/getanzte-stadtmomente\/index.php\/beteiligte\/","title":{"rendered":"Beteiligte"},"content":{"rendered":"\n<h1 class=\"wp-block-heading\">Beteiligte<\/h1>\n\n\n<div class=\"wp-block-image\">\n<figure class=\"alignleft size-full is-resized\"><a href=\"https:\/\/www.sebastian-autenrieth.de\/\" target=\"_blank\" rel=\"noreferrer noopener\"><img loading=\"lazy\" decoding=\"async\" width=\"1000\" height=\"1000\" src=\"https:\/\/kaalund.net\/getanzte-stadtmomente\/wp-content\/uploads\/2024\/08\/DSC4934_Zoom_more-qual3.jpg\" alt=\"\" class=\"wp-image-397\" style=\"width:300px\" srcset=\"https:\/\/kaalund.net\/getanzte-stadtmomente\/wp-content\/uploads\/2024\/08\/DSC4934_Zoom_more-qual3.jpg 1000w, https:\/\/kaalund.net\/getanzte-stadtmomente\/wp-content\/uploads\/2024\/08\/DSC4934_Zoom_more-qual3-300x300.jpg 300w, https:\/\/kaalund.net\/getanzte-stadtmomente\/wp-content\/uploads\/2024\/08\/DSC4934_Zoom_more-qual3-150x150.jpg 150w, https:\/\/kaalund.net\/getanzte-stadtmomente\/wp-content\/uploads\/2024\/08\/DSC4934_Zoom_more-qual3-768x768.jpg 768w\" sizes=\"auto, (max-width: 1000px) 100vw, 1000px\" \/><\/a><figcaption class=\"wp-element-caption\">Foto: <a href=\"https:\/\/www.sebastian-autenrieth.de\/\">Sebastian Autenrieth<\/a><\/figcaption><\/figure>\n<\/div>\n\n\n<p><strong><span style=\"text-decoration: underline;\">Henrik Kaalund<\/span> <\/strong>ist <strong>Regisseur\/Choreograf<\/strong> von <em>Getanzte Stadtmomente.<\/em><\/p>\n\n\n\n<p>Als B\u00fchnent\u00e4nzer war er u.a. beim Cleveland Ballett, Ballet Arizona, dem Ballett Basel, Luzerner Ballett und dem Ballett Dortmund engagiert, bevor er sich als freiberuflicher Choreograf und T\u00e4nzer etablierte. Als solcher tanzte er u.a. f\u00fcr Conny Janssen Danst, Jan Pusch, Felix Landerer, Carlos Matos und Pieter de Ruiter \/ Eva Villanueva.<\/p>\n\n\n\n<p>Er choreographierte f\u00fcr das Dortmunder Ballett, Ballett Greifswald, Ballett Hildesheim, Landesb\u00fchne Sachsen, Theater Gie\u00dfen und schuf Arbeiten f\u00fcr viele andere Gelegenheiten. In den letzten Jahren wurden mehrere seiner Arbeiten in der Tafelhalle N\u00fcrnberg uraufgef\u00fchrt: <em>The Matter of Fact<\/em>, <em>DreaMe Reloaded<\/em> und <em>L<\/em><em>ost in Technology<\/em>.<\/p>\n\n\n\n<p>Er wurde mehrfach bei choreographischen Wettbewerben ausgezeichnet, u.a. mit 1. Preisen in Hannover und Leipzig, einem 2. Preis in Burgos, Spanien und einem Preis f\u00fcr herausragenden Tanz in Maspalomas, Spanien.<\/p>\n\n\n\n<p>Sein Laufbahn in Tanz begann mit einem Diplom von der John Cranko Schule in Stuttgart und weitere Studien and der David Howards School of Dance, New York.<\/p>\n\n\n\n<p>Weitere Infos zu Henrik Kaalund auf <a href=\"https:\/\/kaalund.net\">https:\/\/kaalund.net<\/a><\/p>\n\n\n\n<hr class=\"wp-block-separator has-alpha-channel-opacity\"\/>\n\n\n<div class=\"wp-block-image\">\n<figure class=\"alignleft size-full is-resized\"><img loading=\"lazy\" decoding=\"async\" width=\"926\" height=\"926\" src=\"https:\/\/kaalund.net\/getanzte-stadtmomente\/wp-content\/uploads\/2024\/08\/Lea-1.2-crop-square-qual3.jpg\" alt=\"\" class=\"wp-image-402\" style=\"width:300px\" srcset=\"https:\/\/kaalund.net\/getanzte-stadtmomente\/wp-content\/uploads\/2024\/08\/Lea-1.2-crop-square-qual3.jpg 926w, https:\/\/kaalund.net\/getanzte-stadtmomente\/wp-content\/uploads\/2024\/08\/Lea-1.2-crop-square-qual3-300x300.jpg 300w, https:\/\/kaalund.net\/getanzte-stadtmomente\/wp-content\/uploads\/2024\/08\/Lea-1.2-crop-square-qual3-150x150.jpg 150w, https:\/\/kaalund.net\/getanzte-stadtmomente\/wp-content\/uploads\/2024\/08\/Lea-1.2-crop-square-qual3-768x768.jpg 768w\" sizes=\"auto, (max-width: 926px) 100vw, 926px\" \/><figcaption class=\"wp-element-caption\">Foto: <a href=\"https:\/\/www.visiblememories.de\/\">Melanie Heller<\/a><\/figcaption><\/figure>\n<\/div>\n\n\n<p><strong><span style=\"text-decoration: underline;\">Lea Kesisoglugil<\/span> &#8211; T\u00e4nzerin &#8211;<\/strong><\/p>\n\n\n\n<p class=\"has-text-align-left\">ist professionelle T\u00e4nzerin und Tanzp\u00e4dagogin, die im 2024 ihr Diplom im Hauptfach B\u00fchnentanz und Tanzp\u00e4dagogik am Mind and Dance in N\u00fcrnberg erwarb.&nbsp;<\/p>\n\n\n\n<p>Sie tanzte bereits in Produktionen namhafter Choreografen wie Elise Ludinard, Sebastian Eilers, Daura Hern\u00e1ndez Garc\u00eda und Eva Borrmann.<\/p>\n\n\n\n<p>Lea&nbsp;sieht Tanz als einen kraftvollen Ausdruck von Freiheit, Kreativit\u00e4t und Vielseitigkeit.<\/p>\n\n\n\n<p>Instagram:&nbsp;&nbsp;Lea.302018<\/p>\n\n\n\n<hr class=\"wp-block-separator has-alpha-channel-opacity\"\/>\n\n\n<div class=\"wp-block-image\">\n<figure class=\"alignleft size-full is-resized\"><img loading=\"lazy\" decoding=\"async\" width=\"1000\" height=\"1000\" src=\"https:\/\/kaalund.net\/getanzte-stadtmomente\/wp-content\/uploads\/2024\/08\/IMG_20240816_201741-square-crop-qual3.jpg\" alt=\"\" class=\"wp-image-398\" style=\"width:300px\" srcset=\"https:\/\/kaalund.net\/getanzte-stadtmomente\/wp-content\/uploads\/2024\/08\/IMG_20240816_201741-square-crop-qual3.jpg 1000w, https:\/\/kaalund.net\/getanzte-stadtmomente\/wp-content\/uploads\/2024\/08\/IMG_20240816_201741-square-crop-qual3-300x300.jpg 300w, https:\/\/kaalund.net\/getanzte-stadtmomente\/wp-content\/uploads\/2024\/08\/IMG_20240816_201741-square-crop-qual3-150x150.jpg 150w, https:\/\/kaalund.net\/getanzte-stadtmomente\/wp-content\/uploads\/2024\/08\/IMG_20240816_201741-square-crop-qual3-768x768.jpg 768w\" sizes=\"auto, (max-width: 1000px) 100vw, 1000px\" \/><figcaption class=\"wp-element-caption\">Foto: H.Dietz Fotografie<\/figcaption><\/figure>\n<\/div>\n\n\n<p><br><strong>Tom Bartok &#8211; T\u00e4nzer &#8211;<\/strong><\/p>\n\n\n\n<p>tanzt seit er 6 Jahre alt ist. Mit 14 Jahren hat er seine professionelle Tanzausbildung begonnen und mit 19 Jahren abgeschlossen. Seitdem arbeitet er als Freelancer f\u00fcr zeitgen\u00f6ssischem Tanz und als Compagnie-T\u00e4nzer an verschiedenen nationalen Theatern in seinem Heimatland Ungarn.<\/p>\n\n\n\n<p>Im Jahr 2021 kam er nach Deutschland, um eine weitere Tanzausbildung in zeitgen\u00f6ssischem Tanz, Modern und Ballett P\u00e4dagogik in der M.A.D. in N\u00fcrnberg zu machen.<\/p>\n\n\n\n<p>Seit der Spielzeit 2021\/22 ist er T\u00e4nzer in einer Produktion im Staatstheater N\u00fcrnberg und&nbsp;hat&nbsp;f\u00fcr die Spielzeit 2023\/24 eine Produktion im Theater Hof begonnen.<\/p>\n\n\n\n<hr class=\"wp-block-separator has-alpha-channel-opacity\"\/>\n\n\n<div class=\"wp-block-image\">\n<figure class=\"alignleft size-full is-resized\"><img loading=\"lazy\" decoding=\"async\" width=\"1000\" height=\"1000\" src=\"https:\/\/kaalund.net\/getanzte-stadtmomente\/wp-content\/uploads\/2024\/09\/portrait_Anne_sw_2-Crop-Square-qual3.jpg\" alt=\"\" class=\"wp-image-447\" style=\"width:300px\" srcset=\"https:\/\/kaalund.net\/getanzte-stadtmomente\/wp-content\/uploads\/2024\/09\/portrait_Anne_sw_2-Crop-Square-qual3.jpg 1000w, https:\/\/kaalund.net\/getanzte-stadtmomente\/wp-content\/uploads\/2024\/09\/portrait_Anne_sw_2-Crop-Square-qual3-300x300.jpg 300w, https:\/\/kaalund.net\/getanzte-stadtmomente\/wp-content\/uploads\/2024\/09\/portrait_Anne_sw_2-Crop-Square-qual3-150x150.jpg 150w, https:\/\/kaalund.net\/getanzte-stadtmomente\/wp-content\/uploads\/2024\/09\/portrait_Anne_sw_2-Crop-Square-qual3-768x768.jpg 768w\" sizes=\"auto, (max-width: 1000px) 100vw, 1000px\" \/><figcaption class=\"wp-element-caption\">Foto: Axel Solbach<\/figcaption><\/figure>\n<\/div>\n\n\n<p><strong>Anne Devries &#8211; T\u00e4nzerin, \u00d6ffentlichkeitsarbeit &#8211;<\/strong><\/p>\n\n\n\n<p>ausgebildet am Deutschen Institut f\u00fcr Tanzp\u00e4dagogik (Frankfurt\/ Main) zur Integrativen Tanzp\u00e4dagogin.<\/p>\n\n\n\n<p>Seit 1999 freischaffende Artistin, T\u00e4nzerin &amp; Choreographin, sowie Tanzp\u00e4dagogin mit Schwerpunkt zeitgen\u00f6ssischer Tanz &amp; Improvisation.<br>Seit 2001 Auftrittst\u00e4tigkeit mit dem von ihr gegr\u00fcndeten Feuer-Tanz-Theater LUX AETERNA in Deutschland und benachbartem Ausland.<br>Seit 2008 parallel dazu im Gro\u00dfraum N\u00fcrnberg Leitung von&nbsp;Tanz-Theater-Projekten&nbsp;in denen Profis&nbsp;mit Laien&nbsp;gemeinsam Performances entwickeln.<\/p>\n\n\n\n<p>Ihre letzten Projekte \u00bbFreiheitsstatuen\u00ab (2021), \u00bbensemble e!motion2022\u00ab und \u00bbe!motion2024\u00ab erhielten F\u00f6rderungen der St\u00e4dte F\u00fcrth und\/oder N\u00fcrnberg.<\/p>\n\n\n\n<p>Homepages: <a href=\"http:\/\/www.annedevries.de\/\" target=\"_blank\" rel=\"noreferrer noopener\">www.annedevries.de<\/a>&nbsp;und&nbsp;<a href=\"http:\/\/www.feuerperformance.de\/\" target=\"_blank\" rel=\"noreferrer noopener\">www.feuerperformance.de<\/a> <br>Instagram: anne.devries.dance &#8211;&nbsp;<a href=\"https:\/\/www.instagram.com\/anne.devries.dance\/\" target=\"_blank\" rel=\"noreferrer noopener\">https:\/\/www.instagram.com\/anne.devries.dance\/<\/a> <br>Facebook: Anne Devries &#8211;&nbsp;<a href=\"https:\/\/www.facebook.com\/profile.php?id=100010946599712\" target=\"_blank\" rel=\"noreferrer noopener\">https:\/\/www.facebook.com\/profile.php?id=100010946599712<\/a><\/p>\n\n\n\n<hr class=\"wp-block-separator has-alpha-channel-opacity\"\/>\n\n\n<div class=\"wp-block-image\">\n<figure class=\"alignleft size-full is-resized\"><img loading=\"lazy\" decoding=\"async\" width=\"1000\" height=\"1000\" src=\"https:\/\/kaalund.net\/getanzte-stadtmomente\/wp-content\/uploads\/2024\/08\/2023_Ruben_Reniers_portrait_01_photo-by-Carlos-Collado_25_s_WEB-quare-crop-qual3.jpg\" alt=\"\" class=\"wp-image-399\" style=\"width:300px\" srcset=\"https:\/\/kaalund.net\/getanzte-stadtmomente\/wp-content\/uploads\/2024\/08\/2023_Ruben_Reniers_portrait_01_photo-by-Carlos-Collado_25_s_WEB-quare-crop-qual3.jpg 1000w, https:\/\/kaalund.net\/getanzte-stadtmomente\/wp-content\/uploads\/2024\/08\/2023_Ruben_Reniers_portrait_01_photo-by-Carlos-Collado_25_s_WEB-quare-crop-qual3-300x300.jpg 300w, https:\/\/kaalund.net\/getanzte-stadtmomente\/wp-content\/uploads\/2024\/08\/2023_Ruben_Reniers_portrait_01_photo-by-Carlos-Collado_25_s_WEB-quare-crop-qual3-150x150.jpg 150w, https:\/\/kaalund.net\/getanzte-stadtmomente\/wp-content\/uploads\/2024\/08\/2023_Ruben_Reniers_portrait_01_photo-by-Carlos-Collado_25_s_WEB-quare-crop-qual3-768x768.jpg 768w\" sizes=\"auto, (max-width: 1000px) 100vw, 1000px\" \/><figcaption class=\"wp-element-caption\">Foto: <a href=\"https:\/\/carloscolladophoto.com\/\" target=\"_blank\" rel=\"noreferrer noopener\">Carlos Collado<\/a><\/figcaption><\/figure>\n<\/div>\n\n\n<p><strong>Ruben&nbsp;Reniers &#8211; Tanzer &#8211;<\/strong><\/p>\n\n\n\n<p>geboren in Jakarta, wuchs in Rotterdam auf, wo er ein Studium f\u00fcr Zeitgen\u00f6ssischen Tanz an der renommierten Hogeschool voor de Kunsten \/ CODARTS absolvierte.<\/p>\n\n\n\n<p>Seine Karriere als T\u00e4nzer f\u00fchrte ihn als Ensemblemitglied an mehrere Theater in Deutschland. Seit 2009 in Berlin und geht seiner Faszination an Bewegung und Komposition durch die Kreation eigener choreographischen Arbeiten nach. Reniers Choreographien sind generell von einem sowohl kraftvollen, virtuosen und dynamischen als auch zarten, differenzierten und intimen Bewegungsstil gepr\u00e4gt, und fanden sowohl national, als auch international bereits gro\u00dfe Beachtung.<\/p>\n\n\n\n<p>Weitere Infos: <a href=\"https:\/\/rubenreniers.com\/\">rubenreniers.com<\/a><\/p>\n\n\n\n<hr class=\"wp-block-separator has-alpha-channel-opacity\"\/>\n\n\n<div class=\"wp-block-image\">\n<figure class=\"alignleft size-full is-resized\"><img loading=\"lazy\" decoding=\"async\" width=\"1000\" height=\"1000\" src=\"https:\/\/kaalund.net\/getanzte-stadtmomente\/wp-content\/uploads\/2024\/08\/profile-picture-Juliane-Ott-square-crop-qual3.jpg\" alt=\"\" class=\"wp-image-400\" style=\"width:300px\" srcset=\"https:\/\/kaalund.net\/getanzte-stadtmomente\/wp-content\/uploads\/2024\/08\/profile-picture-Juliane-Ott-square-crop-qual3.jpg 1000w, https:\/\/kaalund.net\/getanzte-stadtmomente\/wp-content\/uploads\/2024\/08\/profile-picture-Juliane-Ott-square-crop-qual3-300x300.jpg 300w, https:\/\/kaalund.net\/getanzte-stadtmomente\/wp-content\/uploads\/2024\/08\/profile-picture-Juliane-Ott-square-crop-qual3-150x150.jpg 150w, https:\/\/kaalund.net\/getanzte-stadtmomente\/wp-content\/uploads\/2024\/08\/profile-picture-Juliane-Ott-square-crop-qual3-768x768.jpg 768w\" sizes=\"auto, (max-width: 1000px) 100vw, 1000px\" \/><figcaption class=\"wp-element-caption\">Foto: <a href=\"https:\/\/www.visiblememories.de\/\">Melanie Heller<\/a><\/figcaption><\/figure>\n<\/div>\n\n\n<p><br><strong>Juliane Ott &#8211; T\u00e4nzerin <\/strong><\/p>\n\n\n\n<p>Juliane Ott ist freiberufliche T\u00e4nzerin. Im Juli hat sie die Ausbildung zur B\u00fchnent\u00e4nzerin und Tanzp\u00e4dagogin am <em>Mind and Dance<\/em> in N\u00fcrnberg abgeschlossen. <\/p>\n\n\n\n<p>Sie war ebenfalls schon bei anderen Projekten t\u00e4tig unter anderem von Sebastian Eilers, Daura Hern\u00e1ndez Garc\u00eda, dem Spiel.Werk und Eva Borrmann (PLAN MEE).<\/p>\n\n\n\n<div style=\"height:4px\" aria-hidden=\"true\" class=\"wp-block-spacer\"><\/div>\n\n\n\n<hr class=\"wp-block-separator has-alpha-channel-opacity\"\/>\n\n\n<div class=\"wp-block-image\">\n<figure class=\"alignleft size-full is-resized\"><img loading=\"lazy\" decoding=\"async\" width=\"863\" height=\"863\" src=\"https:\/\/kaalund.net\/getanzte-stadtmomente\/wp-content\/uploads\/2024\/08\/Lucien-Headshot-square-qual3.jpg\" alt=\"\" class=\"wp-image-403\" style=\"width:300px\" srcset=\"https:\/\/kaalund.net\/getanzte-stadtmomente\/wp-content\/uploads\/2024\/08\/Lucien-Headshot-square-qual3.jpg 863w, https:\/\/kaalund.net\/getanzte-stadtmomente\/wp-content\/uploads\/2024\/08\/Lucien-Headshot-square-qual3-300x300.jpg 300w, https:\/\/kaalund.net\/getanzte-stadtmomente\/wp-content\/uploads\/2024\/08\/Lucien-Headshot-square-qual3-150x150.jpg 150w, https:\/\/kaalund.net\/getanzte-stadtmomente\/wp-content\/uploads\/2024\/08\/Lucien-Headshot-square-qual3-768x768.jpg 768w\" sizes=\"auto, (max-width: 863px) 100vw, 863px\" \/><figcaption class=\"wp-element-caption\">Foto: Andr\u00e9 Leischner<\/figcaption><\/figure>\n<\/div>\n\n\n<p><br><strong>Lucien Zumofen &#8211; T\u00e4nzer &#8211;<\/strong><\/p>\n\n\n\n<p>wurde 1994 in Vercorin, einem kleinen Dorf in den Schweizer Alpen, geboren. Er wurde in klassischem Tanz sowie Modern und Jazz Dance an verschiedenen anerkannten Schulen in der Schweiz ausgebildet. In der Spielzeit 2017\/2018 war er Mitglied des Ensembles des Budapester Tanztheaters und tourte durch Ungarn, Tschechien und Mexiko. In der Spielzeit 2018\/2019 war er Solot\u00e4nzer am Tanztheater Ulm in Deutschland. Danach kehrte er in die Schweiz zur\u00fcck, wo er an der Show <em>Prisme<\/em> der Compagnie H\u00e9l\u00e8ne Renoux und an <em>La Danse des Branch\u00e9s<\/em> der Compagnie N\u00e9o mitwirkte, mit der Stiftung Opale an <em>Visites Dans\u00e9es<\/em> zusammenarbeitete und f\u00fcr die Compagnie Linga an der Show <em>Cosmos<\/em> arbeitete. Er gr\u00fcndete auch seine eigene Compagnie <em>LuZ&#8217; Cie<\/em> und kreierte f\u00fcr sie die Shows <em>Nothing to LuZ&#8217;<\/em> im Jahr 2020 und <em>One Ocean <\/em>im Jahr 2022, die beide im Wallis (Schweiz) uraufgef\u00fchrt wurden. Zur gleichen Zeit, arbeitete Lucien an zwei St\u00fccken f\u00fcr das SETanztheater in N\u00fcrnberg, <em>Der Tod und Das M\u00e4dchen<\/em> und <em>Waldrausch-Ein Sommernachtstraum<\/em>. Von der Spielzeit 2021\/2022 bis zur Spielzeit 2023\/2024 war Lucien Solist in dem Ensemble des Theaters Plauen und Zwickau. Dort tanzte er Repertoire von Annett G\u00f6hre, Sergei Vanaev, Young Soon hue, Philip Taylor, Ihsan Rustem und Mario Radacovsky. Heute arbeitet Lucien als freischaffender T\u00e4nzer mit Sitz in K\u00f6ln.<\/p>\n\n\n\n<hr class=\"wp-block-separator has-alpha-channel-opacity\"\/>\n\n\n<div class=\"wp-block-image\">\n<figure class=\"alignleft size-full is-resized\"><img loading=\"lazy\" decoding=\"async\" width=\"1000\" height=\"1000\" src=\"https:\/\/kaalund.net\/getanzte-stadtmomente\/wp-content\/uploads\/2024\/08\/DSC006332-square-crop-qual3.jpg\" alt=\"\" class=\"wp-image-414\" style=\"width:300px\" srcset=\"https:\/\/kaalund.net\/getanzte-stadtmomente\/wp-content\/uploads\/2024\/08\/DSC006332-square-crop-qual3.jpg 1000w, https:\/\/kaalund.net\/getanzte-stadtmomente\/wp-content\/uploads\/2024\/08\/DSC006332-square-crop-qual3-300x300.jpg 300w, https:\/\/kaalund.net\/getanzte-stadtmomente\/wp-content\/uploads\/2024\/08\/DSC006332-square-crop-qual3-150x150.jpg 150w, https:\/\/kaalund.net\/getanzte-stadtmomente\/wp-content\/uploads\/2024\/08\/DSC006332-square-crop-qual3-768x768.jpg 768w\" sizes=\"auto, (max-width: 1000px) 100vw, 1000px\" \/><figcaption class=\"wp-element-caption\">Foto: <a href=\"https:\/\/www.visiblememories.de\/\">Melanie Heller<\/a><\/figcaption><\/figure>\n<\/div>\n\n\n<p><br><strong>Jessica Trenner &#8211; T\u00e4nzerin<\/strong><\/p>\n\n\n\n<p>Jessica Trenner ist freiberufliche T\u00e4nzerin. Im Juli 2024 absolvierte sie ihre Ausbildung zur B\u00fchnent\u00e4nzerin und Tanzp\u00e4dagogin am Mind and Dance (M.A.D.) in N\u00fcrnberg. <\/p>\n\n\n\n<p>Zudem tanzte sie bereits in Projekten unter anderem von Eva Borrmann (PLAN MEE), Sebastian Eilers, Daura Hern\u00e1ndez Grac\u00eda und dem Spiel.Werk.<\/p>\n\n\n\n<div style=\"height:12px\" aria-hidden=\"true\" class=\"wp-block-spacer\"><\/div>\n\n\n\n<hr class=\"wp-block-separator has-alpha-channel-opacity\"\/>\n\n\n<div class=\"wp-block-image\">\n<figure class=\"alignleft size-full is-resized\"><img loading=\"lazy\" decoding=\"async\" width=\"1000\" height=\"1000\" src=\"https:\/\/kaalund.net\/getanzte-stadtmomente\/wp-content\/uploads\/2024\/08\/Silvan-1-square-crop-qual3.jpg\" alt=\"\" class=\"wp-image-423\" style=\"width:300px\" srcset=\"https:\/\/kaalund.net\/getanzte-stadtmomente\/wp-content\/uploads\/2024\/08\/Silvan-1-square-crop-qual3.jpg 1000w, https:\/\/kaalund.net\/getanzte-stadtmomente\/wp-content\/uploads\/2024\/08\/Silvan-1-square-crop-qual3-300x300.jpg 300w, https:\/\/kaalund.net\/getanzte-stadtmomente\/wp-content\/uploads\/2024\/08\/Silvan-1-square-crop-qual3-150x150.jpg 150w, https:\/\/kaalund.net\/getanzte-stadtmomente\/wp-content\/uploads\/2024\/08\/Silvan-1-square-crop-qual3-768x768.jpg 768w\" sizes=\"auto, (max-width: 1000px) 100vw, 1000px\" \/><figcaption class=\"wp-element-caption\">Foto: Ronny Albrecht<\/figcaption><\/figure>\n<\/div>\n\n\n<p><strong>Silvan&nbsp;Ruprecht &#8211; T\u00e4nzer<\/strong><\/p>\n\n\n\n<p>Silvan&nbsp;Ruprecht ist ein vielseitiger T\u00e4nzer und Choreograf, der in verschiedenen Tanzstilen wie Ballett, Modern\/Contemporary, Jazz und Hip-Hop&nbsp; ausgebildet ist. Er hat eine umfassende t\u00e4nzerische Ausbildung am Ballettf\u00f6rderzentrum N\u00fcrnberg absolviert und umfangreiche B\u00fchnenerfahrung gesammelt, darunter Auftritte am Staatstheater N\u00fcrnberg, Stadttheater Gie\u00dfen und Landestheater Passau. Zudem war er als Gastt\u00e4nzer in verschiedenen Produktionen t\u00e4tig und hat eigene choreografische Arbeiten realisiert. <\/p>\n\n\n\n<p>Seit 2009 unterrichtet er Tanzkurse in N\u00fcrnberg und erweitert kontinuierlich sein Repertoire durch Workshops in verschiedenen Tanzstilen wie z.B. Heels Dance<br><br>Instagram: @silvanruprecht.dance     Homepage: <a href=\"https:\/\/www.silvanruprecht.de\/?w=\/calendar\" target=\"_blank\" rel=\"noreferrer noopener\">https:\/\/www.silvanruprecht.de<\/a><\/p>\n\n\n\n<hr class=\"wp-block-separator has-alpha-channel-opacity\"\/>\n\n\n<div class=\"wp-block-image\">\n<figure class=\"alignleft size-full is-resized\"><img loading=\"lazy\" decoding=\"async\" width=\"1000\" height=\"1000\" src=\"https:\/\/kaalund.net\/getanzte-stadtmomente\/wp-content\/uploads\/2024\/09\/Susanna-Fromm-Foto-von-Simone-Bonsch-.jpg\" alt=\"\" class=\"wp-image-446\" style=\"width:300px\" srcset=\"https:\/\/kaalund.net\/getanzte-stadtmomente\/wp-content\/uploads\/2024\/09\/Susanna-Fromm-Foto-von-Simone-Bonsch-.jpg 1000w, https:\/\/kaalund.net\/getanzte-stadtmomente\/wp-content\/uploads\/2024\/09\/Susanna-Fromm-Foto-von-Simone-Bonsch--300x300.jpg 300w, https:\/\/kaalund.net\/getanzte-stadtmomente\/wp-content\/uploads\/2024\/09\/Susanna-Fromm-Foto-von-Simone-Bonsch--150x150.jpg 150w, https:\/\/kaalund.net\/getanzte-stadtmomente\/wp-content\/uploads\/2024\/09\/Susanna-Fromm-Foto-von-Simone-Bonsch--768x768.jpg 768w\" sizes=\"auto, (max-width: 1000px) 100vw, 1000px\" \/><figcaption class=\"wp-element-caption\">Foto: Simone B\u00f6nsch<\/figcaption><\/figure>\n<\/div>\n\n\n<p><strong>Susanna Fromm &#8211; T\u00e4nzerin<\/strong><\/p>\n\n\n\n<p>tanze bereits als Kind klassisches Ballett in der Ballettschule Barbara Zapf Dorn in N\u00fcrnberg.<\/p>\n\n\n\n<p>Sp\u00e4ter erweiterte sie ihr Repertoire in Jazz Modern bei Friedericke Pausch und Zeitgen\u00f6ssischen Tanz bei Manuela Liszewski. Unter Friederike Pausch tanzte sie in diversen Tanzprojekten mit und wurde<\/p>\n\n\n\n<p>als Co-Trainerin engagiert.<\/p>\n\n\n\n<p>Weitere Fortbildungen in zeitgen\u00f6ssischem Tanz unter Katja W\u00e4chter, German Jauregui, Peter Jasko und Kira Kirsch.<\/p>\n\n\n\n<p>Zur Zeit tanz sie bei Anne Devries beim Projekt \u201eun!GLEICH? \u201c.<\/p>\n\n\n\n<hr class=\"wp-block-separator has-alpha-channel-opacity\"\/>\n\n\n\n<p>Unter den Roten Regenschirm ist <strong>Uwe Weber<\/strong>, er wird Sie die Route entlang f\u00fchren.<\/p>\n\n\n\n<p><strong>Uwe Weber<\/strong><br>Theaterregisseur, Performer, Musiker, Komponist, Theaterp\u00e4dagoge, Textautor.<br>In den 80er\/90er Musiker in verschiedenen musikalischen Formationen. Auftritte bundesweit.<br>Von 1992 &#8211; 2023 beim Theater thevo aus N\u00fcrnberg, 1994 &#8211; 2017 als Schauspieler, Komponist und<br>B\u00fchnenmusiker. Regie und k\u00fcnstlerische Leitung von 2008 bis 2023. Tourneen deutschlandweit und<br>international.<br>Dozent, Coach f\u00fcr Theater und Kommunikation an verschiedenen Einrichtungen. Kooperationen im<br>Bereich Musik, Tanz und Theater u.a. als Klangk\u00fcnstler (Stimme) und Performer. Soloprogramm<br>&#8220;seltsam, &#8230; so ruhig hier&#8221; ab 2025.<\/p>\n\n\n\n<p>N\u00e4heres: <a href=\"https:\/\/www.uweber-home.de\/\" data-type=\"link\" data-id=\"https:\/\/www.uweber-home.de\/\" target=\"_blank\" rel=\"noreferrer noopener\">www.uweber-home.de\u00a0<\/a>\u00a0<\/p>\n\n\n\n<p><\/p>\n","protected":false},"excerpt":{"rendered":"<p>Beteiligte Henrik Kaalund ist Regisseur\/Choreograf von Getanzte Stadtmomente. Als B\u00fchnent\u00e4nzer war er u.a. beim Cleveland Ballett, Ballet Arizona, dem Ballett Basel, Luzerner Ballett und dem Ballett Dortmund engagiert, bevor er sich als freiberuflicher Choreograf und T\u00e4nzer etablierte. Als solcher tanzte er u.a. f\u00fcr Conny Janssen Danst, Jan Pusch, Felix Landerer, Carlos Matos und Pieter de&hellip;&nbsp;<a href=\"https:\/\/kaalund.net\/getanzte-stadtmomente\/index.php\/beteiligte\/\" class=\"\" rel=\"bookmark\">Read More &raquo;<span class=\"screen-reader-text\">Beteiligte<\/span><\/a><\/p>\n","protected":false},"author":1,"featured_media":0,"parent":0,"menu_order":0,"comment_status":"closed","ping_status":"closed","template":"","meta":{"neve_meta_sidebar":"default","neve_meta_container":"full-width","neve_meta_enable_content_width":"on","neve_meta_content_width":70,"neve_meta_title_alignment":"left","neve_meta_author_avatar":"","neve_post_elements_order":"","neve_meta_disable_header":"","neve_meta_disable_footer":"off","neve_meta_disable_title":"on","footnotes":"[]"},"class_list":["post-41","page","type-page","status-publish","hentry"],"jetpack_sharing_enabled":true,"_links":{"self":[{"href":"https:\/\/kaalund.net\/getanzte-stadtmomente\/index.php\/wp-json\/wp\/v2\/pages\/41","targetHints":{"allow":["GET"]}}],"collection":[{"href":"https:\/\/kaalund.net\/getanzte-stadtmomente\/index.php\/wp-json\/wp\/v2\/pages"}],"about":[{"href":"https:\/\/kaalund.net\/getanzte-stadtmomente\/index.php\/wp-json\/wp\/v2\/types\/page"}],"author":[{"embeddable":true,"href":"https:\/\/kaalund.net\/getanzte-stadtmomente\/index.php\/wp-json\/wp\/v2\/users\/1"}],"replies":[{"embeddable":true,"href":"https:\/\/kaalund.net\/getanzte-stadtmomente\/index.php\/wp-json\/wp\/v2\/comments?post=41"}],"version-history":[{"count":47,"href":"https:\/\/kaalund.net\/getanzte-stadtmomente\/index.php\/wp-json\/wp\/v2\/pages\/41\/revisions"}],"predecessor-version":[{"id":526,"href":"https:\/\/kaalund.net\/getanzte-stadtmomente\/index.php\/wp-json\/wp\/v2\/pages\/41\/revisions\/526"}],"wp:attachment":[{"href":"https:\/\/kaalund.net\/getanzte-stadtmomente\/index.php\/wp-json\/wp\/v2\/media?parent=41"}],"curies":[{"name":"wp","href":"https:\/\/api.w.org\/{rel}","templated":true}]}}